{"id":41591,"date":"2026-03-10T10:49:59","date_gmt":"2026-03-10T09:49:59","guid":{"rendered":"https:\/\/hameaudeletoile.com\/?post_type=rencontres&#038;p=41591"},"modified":"2026-04-20T17:36:10","modified_gmt":"2026-04-20T15:36:10","slug":"danse-afrocubaine-des-orichas","status":"publish","type":"rencontres","link":"https:\/\/hameaudeletoile.com\/en\/rencontres\/danse-afrocubaine-des-orichas\/","title":{"rendered":"Danse afrocubaine des Orichas \u00ab\u00a0Ancrage et l\u00e2cher prise\u00a0\u00bb"},"featured_media":41599,"template":"","meta":{"_acf_changed":false,"_kad_blocks_custom_css":"","_kad_blocks_head_custom_js":"","_kad_blocks_body_custom_js":"","_kad_blocks_footer_custom_js":"","_kadence_starter_templates_imported_post":false,"_kad_post_transparent":"default","_kad_post_title":"default","_kad_post_layout":"default","_kad_post_sidebar_id":"","_kad_post_content_style":"default","_kad_post_vertical_padding":"default","_kad_post_feature":"","_kad_post_feature_position":"","_kad_post_header":false,"_kad_post_footer":false,"_kad_post_classname":""},"rencontres-categories":[],"class_list":["post-41591","rencontres","type-rencontres","status-publish","has-post-thumbnail","hentry"],"acf":{"rencontre-theme-1":23650,"rencontre-theme-2":23710,"rencontre-theme-3":23698,"rencontre-date-et-heure-de-debut":"2026-07-12 19:00:00","rencontre-date-et-heure-de-fin":"2026-07-17 16:00:00","rencontre_tarifs":360,"rencontre_tarifs_early_bird":"","date_fin_tarif_early_bird":null,"lien_de_reservation":"https:\/\/www.helloasso.com\/associations\/metiss-art\/evenements\/fiche-d-inscription-stage-de-danse-des-orichas-et-dansetherapie-12-au-17-juil-26","rencontre-descriptif":"<h5>Stage de danse afro-cubaine des Orichas : \"Ancrage et l\u00e2cher prise\"<\/h5>\r\n<em>Les pieds sur terre, la main sur le c\u0153ur, la t\u00eate dans les \u00e9toiles<\/em>\r\n\r\nDu 12 juillet au soir au 17 juillet 2026, ce stage t\u2019invite \u00e0 vivre une immersion dans l\u2019univers des danses des Orichas, avec Claudine Giral.\r\n\r\nPendant cinq jours de pratique pr\u00e9c\u00e9d\u00e9s d\u2019une soir\u00e9e d\u2019accueil, tu explores une tradition culturelle et spirituelle issue du panth\u00e9on Yoruba afro-cubain. \u00c0 travers la <a href=\"https:\/\/hameaudeletoile.com\/themes-rencontres\/danse\/\" target=\"_blank\" rel=\"noopener\"><strong>danse<\/strong><\/a>, le rythme et le mouvement, ce stage propose un travail autour de l\u2019ancrage, de la pr\u00e9sence corporelle et du l\u00e2cher-prise.\r\n\r\nLes Orichas occupent une place centrale dans la tradition afro-cubaine. Divinit\u00e9s du panth\u00e9on Yoruba et figures majeures du culte de la Santeria \u00e0 Cuba, ils sont \u00e9galement pr\u00e9sents dans le folklore national \u00e0 travers les chants, les tambours et les danses.\r\n<blockquote><em>De nombreux danseurs amateurs et professionnels s\u2019y int\u00e9ressent \u00e0 Cuba comme ailleurs dans le monde.<\/em><\/blockquote>\r\nAu fil du stage, tu rencontres l\u2019univers symbolique et \u00e9nerg\u00e9tique de plusieurs Orichas : Elegua, Ogun et Ochosi, les guerriers, Chango, dieu des tambours et de la foudre, Obatala, associ\u00e9 \u00e0 la paix, Yemaya, la m\u00e8re universelle, ou encore Ochun, li\u00e9e \u00e0 la f\u00e9minit\u00e9.\r\n\r\nDans cette tradition, les Orichas sont consid\u00e9r\u00e9s comme des interm\u00e9diaires entre l\u2019humain et le divin. Ils repr\u00e9sentent les diff\u00e9rentes forces vibratoires de la nature et peuvent aussi refl\u00e9ter des dimensions profondes de notre propre potentiel.\r\n\r\nGr\u00e2ce au travail <a href=\"https:\/\/hameaudeletoile.com\/themes-rencontres\/analyse-psycho-corporelle\/\" target=\"_blank\" rel=\"noopener\"><strong>psycho-corporel<\/strong><\/a> amenant \u00e0 l'appropriation de la danse, la r\u00e9p\u00e9tition des mouvements qui structure et permet de l\u00e2cher prise, et l'accompagnement \u00e9nergique de Claudine, le stage propose une immersion profonde \u00e0 la fois culturelle et sensorielle.\r\n<h5>Au Programme<\/h5>\r\nLe stage d\u00e9bute par une soir\u00e9e d\u2019accueil, suivie de cinq jours de pratique autour de la danse afro-cubaine des Orichas.\r\n\r\nLes journ\u00e9es s\u2019organisent autour de temps de pratique corporelle et d\u2019exploration du mouvement :\r\n<ul>\r\n \t<li>Danse des Orichas et travail rythmique<\/li>\r\n \t<li>Danse-th\u00e9rapie et structuration psycho-corporelle<\/li>\r\n \t<li>Mouvement au sol et exploration corporelle<\/li>\r\n \t<li><a href=\"https:\/\/hameaudeletoile.com\/themes-rencontres\/meditation\/\" target=\"_blank\" rel=\"noopener\"><strong>M\u00e9ditations<\/strong><\/a> guid\u00e9es<\/li>\r\n \t<li>Approche sensitive et dynamique de la danse<\/li>\r\n<\/ul>\r\nCe travail vise \u00e0 favoriser l\u2019ancrage, la pr\u00e9sence et une relation plus consciente au corps.\r\n\r\nLes horaires des journ\u00e9es sont les suivants :\r\n<ul>\r\n \t<li>9h15 \u2013 12h30<\/li>\r\n \t<li>Pause repas<\/li>\r\n \t<li>15h \u2013 18h15 (avec une pause de 15 minutes le matin et l\u2019apr\u00e8s-midi)<\/li>\r\n<\/ul>\r\nLe dernier jour, le 17 juillet, les horaires sont adapt\u00e9s :\r\n<ul>\r\n \t<li>9h \u2013 12h45<\/li>\r\n \t<li>Pause repas<\/li>\r\n \t<li>14h15 \u2013 15h45<\/li>\r\n<\/ul>\r\nLes soir\u00e9es peuvent \u00e9galement accueillir diff\u00e9rentes propositions selon les moments :\r\n<ul>\r\n \t<li>Temps conviviaux et festifs<\/li>\r\n \t<li>Partages d\u2019informations<\/li>\r\n \t<li>Projection d\u2019un documentaire tourn\u00e9 \u00e0 Cuba<\/li>\r\n \t<li>Mini-conf\u00e9rence<\/li>\r\n<\/ul>\r\nLe cadre naturel du Hameau de l\u2019\u00c9toile permet aussi de profiter d\u2019espaces de d\u00e9tente, notamment la nature environnante et la piscine.\r\n<h5>\u00c0 qui s\u2019adresse ce stage ?<\/h5>\r\nCe stage est accessible \u00e0 toutes et tous, d\u00e9butants comme pratiquants avanc\u00e9s.\r\n\r\nIl peut convenir aussi bien aux amateurs qu\u2019aux professionnels de la danse ou du soin qui souhaitent explorer le lien entre mouvement, conscience corporelle et travail \u00e9nerg\u00e9tique.\r\n\r\nIl s\u2019adresse notamment \u00e0 celles et ceux qui souhaitent :\r\n<ul>\r\n \t<li>d\u00e9couvrir ou approfondir les danses des Orichas<\/li>\r\n \t<li>explorer la danse-th\u00e9rapie dans leur pratique personnelle ou professionnelle<\/li>\r\n \t<li>renforcer leur ancrage et leur sensation d\u2019\u00e9quilibre int\u00e9rieur<\/li>\r\n \t<li>d\u00e9velopper la capacit\u00e9 \u00e0 l\u00e2cher prise et \u00e0 apaiser le mental<\/li>\r\n \t<li>vivre une exp\u00e9rience corporelle qui transforme la relation au mouvement et \u00e0 la pr\u00e9sence<\/li>\r\n<\/ul>\r\n\u00c0 travers les danses des Orichas, le travail propos\u00e9 invite \u00e0 explorer la relation entre corps, \u00e2me et esprit, et \u00e0 cultiver une pr\u00e9sence plus align\u00e9e et incarn\u00e9e.\r\n<h5>L\u2019intervenante<\/h5>\r\n<a href=\"https:\/\/hameaudeletoile.com\/animateurs\/claudine-giral\/\" target=\"_blank\" rel=\"noopener\"><strong>Claudine Giral<\/strong><\/a> guide les participants dans l\u2019exploration des danses des Orichas \u00e0 travers une approche m\u00ealant danse-th\u00e9rapie, travail rythmique et structuration psycho-corporelle. Son cot\u00e9 joie et humour vient \u00e9quilibrer le cot\u00e9 profondeur et rigoureux de sa pratique. Son accompagnement favorise l\u2019ancrage, la pr\u00e9sence au corps et le l\u00e2cher-prise.\r\n\r\nClaudine est une enseignante d'exp\u00e9rience, et vous aller surement appr\u00e9cier sa pr\u00e9sence et son \u00e9nergie. Et pour cause, elle s'est produit sur sc\u00e8ne pendant 20 ans et s'est form\u00e9 aupr\u00e8s des maitres et du peuple Cubain lors de tr\u00e8s nombreux voyages immersifs.\r\n\r\nElle enseigne la danse en collectif et individuel depuis une trentaine d'ann\u00e9e. Sur le chemin arrive la danse th\u00e9rapie, et diverses courants th\u00e9rapeutique y compris chamanique. Elle exerce depuis 17 ans la profession de th\u00e9rapeute psychocorporel en cabinet ou aupr\u00e8s de structures (PJJ, associations d'accompagnement,...) \u00e0 Montpellier et Gignac(34).\r\n<h6><strong>Vous voulez en conna\u00eetre plus sur elle et sa pratique ?<\/strong><\/h6>\r\n<ul>\r\n \t<li><strong><a href=\"https:\/\/drive.google.com\/file\/d\/1n_HgYZ0me7kn5BE6wsM7RouAx0Ua9YF0\/view\">Entretien avec Claudine<\/a><\/strong><\/li>\r\n \t<li><strong><a href=\"https:\/\/drive.google.com\/file\/d\/17Hy2jNN-Xs3pq1ocACKKlPR4o-5IEp71\/view\">Article \u00e9cris par Claudine<\/a><\/strong><\/li>\r\n<\/ul>\r\n<h5><strong>Informations pratiques<\/strong><\/h5>\r\n<strong>Accueil<\/strong>\r\nArriv\u00e9e le 12 juillet, installation dans les chambres \u00e0 partir de 16h.\r\n\r\nRendez-vous \u00e0 19h dans la salle \u201cLa Grange\u201d pour une rencontre entre les participants, la pr\u00e9sentation du stage et de son d\u00e9roulement, suivie du repas \u00e0 20h.\r\n\r\nIl est possible d\u2019arriver d\u00e8s 16h (ou avant) et de profiter de la piscine.\r\n\r\n<strong>Nombre de participants<\/strong>\r\nJauge limit\u00e9e \u00e0 20 personnes.","etiquettes":"Nouveaut\u00e9","annuler":false,"organisateur":41581,"organisateur-animateur-1":"Claudine GIRAL","organisateur-animateur-2":"","organisateur-animateur-3":"","organisateur-numero-de-telephone":"(+33) 06 85 91 23 21","organisateur-adresse-email":"metissart.diff@gmail.com","organisateur-site-internet":"","old_rencontre_id":""},"taxonomy_info":[],"featured_image_src_large":["https:\/\/hameaudeletoile.com\/wp-content\/uploads\/2026\/03\/METISSART-Danse-Afro-Cubaine-Le-Hameau-de-letoile-1024x538.png",1024,538,true],"author_info":[],"comment_info":"","_links":{"self":[{"href":"https:\/\/hameaudeletoile.com\/en\/wp-json\/wp\/v2\/rencontres\/41591","targetHints":{"allow":["GET"]}}],"collection":[{"href":"https:\/\/hameaudeletoile.com\/en\/wp-json\/wp\/v2\/rencontres"}],"about":[{"href":"https:\/\/hameaudeletoile.com\/en\/wp-json\/wp\/v2\/types\/rencontres"}],"version-history":[{"count":10,"href":"https:\/\/hameaudeletoile.com\/en\/wp-json\/wp\/v2\/rencontres\/41591\/revisions"}],"predecessor-version":[{"id":41623,"href":"https:\/\/hameaudeletoile.com\/en\/wp-json\/wp\/v2\/rencontres\/41591\/revisions\/41623"}],"acf:post":[{"embeddable":true,"href":"https:\/\/hameaudeletoile.com\/en\/wp-json\/wp\/v2\/organisateurs\/41581"},{"embeddable":true,"href":"https:\/\/hameaudeletoile.com\/en\/wp-json\/wp\/v2\/themes-rencontres\/23698"},{"embeddable":true,"href":"https:\/\/hameaudeletoile.com\/en\/wp-json\/wp\/v2\/themes-rencontres\/23710"},{"embeddable":true,"href":"https:\/\/hameaudeletoile.com\/en\/wp-json\/wp\/v2\/themes-rencontres\/23650"}],"wp:featuredmedia":[{"embeddable":true,"href":"https:\/\/hameaudeletoile.com\/en\/wp-json\/wp\/v2\/media\/41599"}],"wp:attachment":[{"href":"https:\/\/hameaudeletoile.com\/en\/wp-json\/wp\/v2\/media?parent=41591"}],"wp:term":[{"taxonomy":"rencontres-categories","embeddable":true,"href":"https:\/\/hameaudeletoile.com\/en\/wp-json\/wp\/v2\/rencontres-categories?post=41591"}],"curies":[{"name":"wp","href":"https:\/\/api.w.org\/{rel}","templated":true}]}}