{"id":33006,"date":"2024-12-18T12:02:46","date_gmt":"2024-12-18T11:02:46","guid":{"rendered":"https:\/\/hameaudeletoile.com\/?post_type=rencontres&#038;p=33006"},"modified":"2024-12-18T12:04:32","modified_gmt":"2024-12-18T11:04:32","slug":"stage-musique-et-voix","status":"publish","type":"rencontres","link":"https:\/\/hameaudeletoile.com\/en\/rencontres\/stage-musique-et-voix\/","title":{"rendered":"Stage Musique et Voix"},"featured_media":0,"template":"","meta":{"_acf_changed":false,"_kad_blocks_custom_css":"","_kad_blocks_head_custom_js":"","_kad_blocks_body_custom_js":"","_kad_blocks_footer_custom_js":"","_kadence_starter_templates_imported_post":false,"_kad_post_transparent":"default","_kad_post_title":"default","_kad_post_layout":"default","_kad_post_sidebar_id":"","_kad_post_content_style":"default","_kad_post_vertical_padding":"default","_kad_post_feature":"","_kad_post_feature_position":"","_kad_post_header":false,"_kad_post_footer":false,"_kad_post_classname":""},"rencontres-categories":[],"class_list":["post-33006","rencontres","type-rencontres","status-publish","hentry"],"acf":{"rencontre-theme-1":23662,"rencontre-theme-2":23640,"rencontre-theme-3":"","rencontre-date-et-heure-de-debut":"2025-08-04 10:30:00","rencontre-date-et-heure-de-fin":"2025-08-08 16:30:00","rencontre_tarifs":"","rencontre_tarifs_early_bird":"","date_fin_tarif_early_bird":null,"lien_de_reservation":"https:\/\/www.epg-gestalt.fr\/devenir-gestalt-praticien\/cycle1-modules-ponctuels\/musique-voix-et-gestalt","rencontre-descriptif":"<h5>Musique et Voix<\/h5>\r\nExplorer et d\u00e9velopper les ressources de la voix parl\u00e9e et chant\u00e9e, tout en comprenant leur impact sur la communication interpersonnelle. Identifier les m\u00e9canismes qui freinent ou lib\u00e8rent l\u2019expression personnelle spontan\u00e9e et adapt\u00e9e, en s\u2019appuyant sur les principes fondamentaux de la Gestalt-\r\n<h5>Le programme<\/h5>\r\nCe module combine le travail th\u00e9rapeutique en groupe selon la Gestalt avec une approche artistique, centr\u00e9e sur la musique et la voix. L\u2019art, et particuli\u00e8rement la musique, joue un r\u00f4le cl\u00e9 dans le processus th\u00e9rapeutique, favorisant une croissance personnelle en r\u00e9sonance avec ce qui vibre en chacun, \u00e0 la fois collectivement et individuellement.\r\n<h5>A qui s'adresse ce stage<\/h5>\r\n<ul class=\"bulletfleche\">\r\n \t<li>coachs, psychologues, professionnels du conseil, de la relation d'aide, de l\u2019enseignement, du social et d\u2019autres disciplines similaires cherchant \u00e0 d\u00e9velopper leurs comp\u00e9tences relationnelles et de contact,<\/li>\r\n \t<li><span style=\"color: #000000;\">toute personne qui souhaite explorer et mieux appr\u00e9hender le travail\u00a0<\/span><span style=\"color: #000000;\">sur la communication verbale par la voix parl\u00e9e et chant\u00e9e dans ses aspects personnels et relationnels,<\/span><\/li>\r\n \t<li>les \u00e9tudiants de 1<sup>er<\/sup>\u00a0cycle qui postulent au second cycle,<\/li>\r\n \t<li>les \u00e9tudiants de 3<sup>e<\/sup>\u00a0cycle, les gestalt-praticiens et gestalt-th\u00e9rapeutes, qui souhaitent travailler la communication verbale par la voix parl\u00e9e et chant\u00e9e\u00a0et son utilisation dans la relation d'aide.<\/li>\r\n<\/ul>","etiquettes":"","annuler":false,"organisateur":24620,"organisateur-animateur-1":"Equipe EPG (\u00e9cole parisienne de gestalt)","organisateur-animateur-2":"","organisateur-animateur-3":"","organisateur-numero-de-telephone":"01 43 22 40 41","organisateur-adresse-email":"katherine.menudier@epg-gestalt.fr","organisateur-site-internet":"https:\/\/www.epg-gestalt.fr\/","old_rencontre_id":""},"taxonomy_info":[],"featured_image_src_large":false,"author_info":[],"comment_info":"","_links":{"self":[{"href":"https:\/\/hameaudeletoile.com\/en\/wp-json\/wp\/v2\/rencontres\/33006","targetHints":{"allow":["GET"]}}],"collection":[{"href":"https:\/\/hameaudeletoile.com\/en\/wp-json\/wp\/v2\/rencontres"}],"about":[{"href":"https:\/\/hameaudeletoile.com\/en\/wp-json\/wp\/v2\/types\/rencontres"}],"version-history":[{"count":4,"href":"https:\/\/hameaudeletoile.com\/en\/wp-json\/wp\/v2\/rencontres\/33006\/revisions"}],"predecessor-version":[{"id":33010,"href":"https:\/\/hameaudeletoile.com\/en\/wp-json\/wp\/v2\/rencontres\/33006\/revisions\/33010"}],"acf:post":[{"embeddable":true,"href":"https:\/\/hameaudeletoile.com\/en\/wp-json\/wp\/v2\/organisateurs\/24620"},{"embeddable":true,"href":"https:\/\/hameaudeletoile.com\/en\/wp-json\/wp\/v2\/themes-rencontres\/23640"},{"embeddable":true,"href":"https:\/\/hameaudeletoile.com\/en\/wp-json\/wp\/v2\/themes-rencontres\/23662"}],"wp:attachment":[{"href":"https:\/\/hameaudeletoile.com\/en\/wp-json\/wp\/v2\/media?parent=33006"}],"wp:term":[{"taxonomy":"rencontres-categories","embeddable":true,"href":"https:\/\/hameaudeletoile.com\/en\/wp-json\/wp\/v2\/rencontres-categories?post=33006"}],"curies":[{"name":"wp","href":"https:\/\/api.w.org\/{rel}","templated":true}]}}