{"id":27002,"date":"2024-06-12T07:01:44","date_gmt":"2024-06-12T07:01:44","guid":{"rendered":""},"modified":"2025-02-26T16:35:00","modified_gmt":"2025-02-26T15:35:00","slug":"formation-professionnelle-niveau-5","status":"publish","type":"rencontres","link":"https:\/\/hameaudeletoile.com\/en\/rencontres\/formation-professionnelle-niveau-5\/","title":{"rendered":"Formation professionnelle Transformational Breath\u00ae V"},"featured_media":0,"template":"","meta":{"_acf_changed":false,"_kad_blocks_custom_css":"","_kad_blocks_head_custom_js":"","_kad_blocks_body_custom_js":"","_kad_blocks_footer_custom_js":"","_kadence_starter_templates_imported_post":false,"_kad_post_transparent":"default","_kad_post_title":"default","_kad_post_layout":"default","_kad_post_sidebar_id":"","_kad_post_content_style":"default","_kad_post_vertical_padding":"default","_kad_post_feature":"","_kad_post_feature_position":"","_kad_post_header":false,"_kad_post_footer":false,"_kad_post_classname":""},"rencontres-categories":[],"class_list":["post-27002","rencontres","type-rencontres","status-publish","hentry"],"acf":{"rencontre-theme-1":23742,"rencontre-theme-2":23751,"rencontre-theme-3":23689,"rencontre-date-et-heure-de-debut":"2024-11-17 18:30:00","rencontre-date-et-heure-de-fin":"2024-11-24 16:00:00","rencontre_tarifs":"","rencontre_tarifs_early_bird":"","date_fin_tarif_early_bird":null,"lien_de_reservation":"https:\/\/docs.google.com\/forms\/d\/e\/1FAIpQLSeFjwrw_OlA_VzrM6I7rCarTE8FUBuI_N16nbY00lyovQ95Mg\/viewform","rencontre-descriptif":"<h5>Le Niveau V<\/h5>\r\nFormation professionnelle de Transformational Breath\u00ae\u00a0pour animer des groupes\u00a0pour la premi\u00e8re fois en France !\u00a0 en pr\u00e9sentiel\u00a0avec la fondatrice Judith Kravitz\r\n\r\nLes 7 jours de la formation du Niveau V sont une plong\u00e9e profonde et exp\u00e9rientielle afin de mieux se conna\u00eetre, communiquer par le c\u0153ur et ma\u00eetriser l'accompagnement des groupes. Certains disent que c'est la formation \u00e0 la fois la plus challengeante et la plus amusante de la Fondation de Transformational Breath\u00ae ! Elle peut changer votre mani\u00e8re de vous affirmer et d'interagir avec la vie.\r\n\r\nQue votre mission soit de devenir un(e) Trainer de Transformational Breath\u00ae ou non, ce programme est une formidable opportunit\u00e9 d'\u00e9largir votre capacit\u00e9 \u00e0 exprimer votre v\u00e9rit\u00e9, \u00e0 gagner en confiance et \u00e0 partager qui vous \u00eates avec plus de joie, d'inspiration et d'authenticit\u00e9, dans un groupe bienveillant et riche en diversit\u00e9 culturelle.\r\n\r\nLe pr\u00e9requis est\u00a0l'accomplissement des Niveaux IV A &amp; B.\r\n\r\n<strong>Attention<\/strong> : places limit\u00e9es avec beaucoup de demandes internationales.\r\n\r\nEn plus de d\u00e9velopper une compr\u00e9hension plus approfondie de la conscience et de la technique de Transformational Breath\u00ae, ci-dessous quelques th\u00e8mes que nous explorerons\u00a0durant la semaine :\r\n<ul>\r\n \t<li>Comp\u00e9tences de pr\u00e9sentations impactantes<\/li>\r\n \t<li>Communiquer \u00e0 partir de vos valeurs profondes<\/li>\r\n \t<li>Comment cr\u00e9er une dynamique de groupe et d\u00e9finir votre leadership<\/li>\r\n \t<li>Organiser le contenu et structurer votre programme<\/li>\r\n \t<li>Comment soutenir les diff\u00e9rents styles d'apprentissage<\/li>\r\n \t<li>D\u00e9velopper votre capacit\u00e9 \u00e0 diriger un groupe<\/li>\r\n \t<li>Clarification des objectifs et le pouvoir de l\u2019intention<\/li>\r\n \t<li>S'exprimer authentiquement avec le c\u0153ur<\/li>\r\n \t<li>Beaucoup de respiration, de connexion et de joie\u00a0!<\/li>\r\n<\/ul>\r\nVous b\u00e9n\u00e9ficierez de la pr\u00e9sence d'au moins quatre formateurs s\u00e9nior de Transformational Breath\u00ae, y compris la fondatrice Judith Kravitz, la coordinatrice du programme d'\u00e9tude Eugenia Altamira et bien s\u00fbr Paul Barrett et Catharina von Bargen.\r\n\r\nIl y aura une traduction pour ceux qui en auront besoin.\r\n\r\nIl est possible de payer en plusieurs fois.","etiquettes":"","annuler":false,"organisateur":24749,"organisateur-animateur-1":"","organisateur-animateur-2":"","organisateur-animateur-3":"","organisateur-numero-de-telephone":"","organisateur-adresse-email":"","organisateur-site-internet":"","old_rencontre_id":2692},"taxonomy_info":[],"featured_image_src_large":false,"author_info":[],"comment_info":"","_links":{"self":[{"href":"https:\/\/hameaudeletoile.com\/en\/wp-json\/wp\/v2\/rencontres\/27002","targetHints":{"allow":["GET"]}}],"collection":[{"href":"https:\/\/hameaudeletoile.com\/en\/wp-json\/wp\/v2\/rencontres"}],"about":[{"href":"https:\/\/hameaudeletoile.com\/en\/wp-json\/wp\/v2\/types\/rencontres"}],"version-history":[{"count":4,"href":"https:\/\/hameaudeletoile.com\/en\/wp-json\/wp\/v2\/rencontres\/27002\/revisions"}],"predecessor-version":[{"id":34759,"href":"https:\/\/hameaudeletoile.com\/en\/wp-json\/wp\/v2\/rencontres\/27002\/revisions\/34759"}],"acf:post":[{"embeddable":true,"href":"https:\/\/hameaudeletoile.com\/en\/wp-json\/wp\/v2\/organisateurs\/24749"},{"embeddable":true,"href":"https:\/\/hameaudeletoile.com\/en\/wp-json\/wp\/v2\/themes-rencontres\/23689"},{"embeddable":true,"href":"https:\/\/hameaudeletoile.com\/en\/wp-json\/wp\/v2\/themes-rencontres\/23751"},{"embeddable":true,"href":"https:\/\/hameaudeletoile.com\/en\/wp-json\/wp\/v2\/themes-rencontres\/23742"}],"wp:attachment":[{"href":"https:\/\/hameaudeletoile.com\/en\/wp-json\/wp\/v2\/media?parent=27002"}],"wp:term":[{"taxonomy":"rencontres-categories","embeddable":true,"href":"https:\/\/hameaudeletoile.com\/en\/wp-json\/wp\/v2\/rencontres-categories?post=27002"}],"curies":[{"name":"wp","href":"https:\/\/api.w.org\/{rel}","templated":true}]}}