{"id":26014,"date":"2024-06-12T07:01:44","date_gmt":"2024-06-12T07:01:44","guid":{"rendered":""},"modified":"2024-10-10T12:00:33","modified_gmt":"2024-10-10T10:00:33","slug":"retraite-spirituelle-navasita","status":"publish","type":"rencontres","link":"https:\/\/hameaudeletoile.com\/en\/rencontres\/retraite-spirituelle-navasita\/","title":{"rendered":"Retraite spirituelle NAVASITA"},"featured_media":0,"template":"","meta":{"_acf_changed":false,"_kad_blocks_custom_css":"","_kad_blocks_head_custom_js":"","_kad_blocks_body_custom_js":"","_kad_blocks_footer_custom_js":"","_kadence_starter_templates_imported_post":false,"_kad_post_transparent":"default","_kad_post_title":"default","_kad_post_layout":"default","_kad_post_sidebar_id":"","_kad_post_content_style":"default","_kad_post_vertical_padding":"default","_kad_post_feature":"","_kad_post_feature_position":"","_kad_post_header":false,"_kad_post_footer":false,"_kad_post_classname":""},"rencontres-categories":[],"class_list":["post-26014","rencontres","type-rencontres","status-publish","hentry"],"acf":{"rencontre-theme-1":23698,"rencontre-theme-2":23655,"rencontre-theme-3":23667,"rencontre-date-et-heure-de-debut":"2019-11-24 18:00:00","rencontre-date-et-heure-de-fin":"2019-11-29 16:00:00","rencontre_tarifs":"","rencontre_tarifs_early_bird":"","date_fin_tarif_early_bird":null,"lien_de_reservation":"","rencontre-descriptif":"<p style=\"text-align: justify;\"><span style=\"font-size: 18.0pt;\"><span style=\"font-family: Impact;\"><span style=\"color: #abb059;\">RETRAITE SPIRITUELLE NAVASITA<\/span><\/span><\/span><\/p>\r\n<p style=\"text-align: justify;\"><em><span style=\"font-size: 12.0pt;\">De la Connaissance de soi \u00e0 la r\u00e9v\u00e9lation de l\u2019ETRE.<\/span><\/em><\/p>\r\n<p style=\"text-align: justify;\"><span style=\"font-size: 12.0pt;\">La retraite NAVASITA c\u2019est : <\/span><\/p>\r\n\r\n<ul>\r\n \t<li style=\"text-align: justify;\"><span style=\"font-size: 12.0pt;\">Explorer avec Lucidit\u00e9, Amour et Compassion les diff\u00e9rents personnages protecteurs de l\u2019entit\u00e9 psychique s\u00e9par\u00e9e \u201cmoi\/je\u201d\u2026<\/span><\/li>\r\n \t<li style=\"text-align: justify;\"><span style=\"font-size: 12.0pt;\">entrer en Soi et rendre \u00e0 la Terre Originelle l\u2019ensemble des croyances qui maintiennent la Conscience encha\u00een\u00e9e au psychisme\u2026<\/span><\/li>\r\n \t<li style=\"text-align: justify;\"><span style=\"font-size: 12.0pt;\">sortir de l\u2019emprise des \u00e9motions, des r\u00e9activit\u00e9s comportementales mues par l\u2019histoire du psychisme et laisser la Conscience trouver refuge dans l\u2019ancrage de la Terre Int\u00e9rieure<\/span><\/li>\r\n \t<li style=\"text-align: justify;\"><span style=\"font-size: 12.0pt;\">exp\u00e9rimenter de nouveaux modes d\u2019interaction \u00e0 soi et \u00e0 l\u2019Autre, quel que soit le r\u00e8gne, bas\u00e9s sur les 12 vertus et 3 valeurs NavaSita<\/span><\/li>\r\n<\/ul>\r\n<p style=\"text-align: justify;\"><span style=\"font-size: 12.0pt;\">NavaSita \u2013 Nouveau Sillon en sanskrit \u2013 est un appel \u00e0 cr\u00e9er une perc\u00e9e \u00e9volutive dans le quotidien. Cette perc\u00e9e implique dans un premier temps, la connaissance de la dynamique psychique qui maintient la Conscience en surface.<\/span><\/p>\r\n\r\n<ul>\r\n \t<li style=\"text-align: justify;\"><span style=\"font-size: 12.0pt;\">Cette connaissance est celle des personnages psychiques qui prot\u00e8gent l\u2019identit\u00e9 s\u00e9par\u00e9e \u201cmoi\/je\u201d du bouleversement salvateur pour l\u2019ETRE : le Souvenir de SOI, dans son Int\u00e9gralit\u00e9.<\/span><\/li>\r\n \t<li style=\"text-align: justify;\"><span style=\"font-size: 12.0pt;\">Cette connaissance est celle de ce Souvenir de SOI, r\u00e9veil de la Terre Originelle de l\u2019ETRE, creuset d\u2019un NavaSita dans le quotidien. <\/span><\/li>\r\n<\/ul>\r\n<p style=\"text-align: justify;\"><span style=\"font-size: 12.0pt;\">V\u00e9ritable chaudron alchimique, la salle et le lieu de s\u00e9minaire deviendront le lieu d\u2019une nouvelle Lucidit\u00e9 sur soi et le monde.\r\n5 jours jalonn\u00e9s par une mise en synergie de propositions d\u00e9ployant jour apr\u00e8s jour une Libert\u00e9 int\u00e9rieure de plus en plus vaste ; un retour \u00e0 Soi par del\u00e0 la petite personne, le mental et le sens de l\u2019ego.\r\nCette retraite ludique et profonde dans sa forme sera le creuset d\u2019un Nouveau Sillon \u00e9volutif dans le quotidien. Il est recommand\u00e9 de poursuivre avec la retraite R\u00e9v\u00e9lation qui se donne \u00e0 la suite. <\/span><\/p>\r\n<p style=\"text-align: justify;\"><span style=\"font-size: 12.0pt;\">La retraite NAVASITA &amp; REVELATION se proposent \u00e0 tout Etre qui :<\/span><\/p>\r\n\r\n<ul>\r\n \t<li style=\"text-align: justify;\"><span style=\"font-size: 12.0pt;\">oeuvre \u00e0 Se Souvenir de Lui-m\u00eame, sans fard, sans v\u00eatement, sans masque\u2026<\/span><\/li>\r\n \t<li style=\"text-align: justify;\"><span style=\"font-size: 12.0pt;\">ressent le besoin de quitter \u201cl\u2019aust\u00e9rit\u00e9 spirituelle\u201d et retrouver la profonde l\u00e9g\u00e8ret\u00e9 sacr\u00e9e de l\u2019ETRE<\/span><\/li>\r\n \t<li style=\"text-align: justify;\"><span style=\"font-size: 12.0pt;\">\u00e9prouve le besoin de renouveau, de sortir des sentiers battus, d\u2019explorer sans compromis l\u2019illusion qui l\u2019emprisonne<\/span><\/li>\r\n \t<li style=\"text-align: justify;\"><span style=\"font-size: 12.0pt;\">sent la n\u00e9cessit\u00e9 vitale de trouver ce havre de Paix int\u00e9grale et d\u2019Amour inconditionnel en lui-elle<\/span><\/li>\r\n \t<li style=\"text-align: justify;\"><span style=\"font-size: 12.0pt;\">est en qu\u00eate de \u00ab sa \u00bb raison d\u2019\u00eatre <\/span><\/li>\r\n<\/ul>\r\n<p style=\"text-align: justify;\"><span style=\"font-size: 12.0pt;\"><strong>Qui est Gr\u00e9gory Wispelaere ?<\/strong>\r\nEn toute simplicit\u00e9, Gr\u00e9gory n\u2019a de cesse d\u2019enlever les manteaux qui voilent la virginit\u00e9 de l\u2019Etre. Apr\u00e8s avoir enlev\u00e9 ceux de psychologue, de coach, de formateur et d\u2019enseignant qui l\u2019animait depuis plus de 25 ans, il entre dans cette intimit\u00e9 du Service Sacr\u00e9 au VIVANT.\r\nR\u00e9v\u00e9ler l\u2019Originel en chac-UN est ce Souffle subtil que l\u2019on peut ressentir \u00e0 son contact.\r\nExplorateur de la Conscience Evolutive dans l\u2019ensemble des r\u00e8gnes, imbib\u00e9 des enseignements non duel d'Orient et d'Occident, de l\u2019oeuvre de Sri Aurobindo, M\u00e8re et Ma Anandamoy\u00ee, il invite \u00e0 une spiritualit\u00e9 incarn\u00e9e, fra\u00eeche, libre de tout dogme mental, force de n\u00e9cessit\u00e9 en ce d\u00e9but de 21\u00e8me si\u00e8cle, p\u00e9riode d\u2019effondrement.<\/span><\/p>\r\n<p style=\"text-align: justify;\"><span style=\"font-size: 12.0pt;\">Incisives et chaleureuses, ses paroles sans concession, tant\u00f4t pleines de Feu, tant\u00f4t gorg\u00e9es de Ros\u00e9e, n\u2019ont de cesse de toucher l\u2019Etre dans sa profondeur.<\/span><\/p>\r\n\r\n<table border=\"0\" cellspacing=\"0\" cellpadding=\"10\">\r\n<tbody>\r\n<tr>\r\n<td>&nbsp;\r\n\r\n&nbsp;\r\n\r\n&nbsp;\r\n\r\n&nbsp;\r\n\r\n&nbsp;<\/td>\r\n<\/tr>\r\n<tr>\r\n<td>\r\n<p style=\"text-align: center;\"><span style=\"background-color: white;\"><em><span style=\"font-size: 14.0pt;\">Qui doit se lib\u00e9rer de quoi ?<\/span><\/em><\/span><\/p>\r\n<p style=\"text-align: center;\"><span style=\"background-color: white;\"><em><span style=\"font-size: 14.0pt;\">Se lib\u00e9rer implique une prison.<\/span><\/em><\/span><\/p>\r\n<p style=\"text-align: center;\"><span style=\"background-color: white;\"><em><span style=\"font-size: 14.0pt;\">Trouve le lieu en Toi o\u00f9 il n\u2019y pas de prison.<\/span><\/em><\/span><\/p>\r\n<p style=\"text-align: center;\"><span style=\"background-color: white;\"><em><span style=\"font-size: 14.0pt;\">Ainsi personne \u00e0 lib\u00e9rer. <\/span><\/em><\/span><\/p>\r\n<p style=\"text-align: center;\"><em><span style=\"font-size: 14.0pt;\">LIBERTE EST. Sans contraire<\/span><\/em><\/p>\r\n<\/td>\r\n<\/tr>\r\n<\/tbody>\r\n<\/table>\r\n<p style=\"text-align: justify;\"><\/p>\r\n<p style=\"text-align: center;\"><\/p>\r\n<a href=\"https:\/\/terre-originelle.org\/retraite-spirituelle-navasita-de-la-connaissance-de-soi-au-soi-invitation\/\">Inscriptions en ligne<\/a>","etiquettes":"","annuler":false,"organisateur":24801,"organisateur-animateur-1":"","organisateur-animateur-2":"","organisateur-animateur-3":"","organisateur-numero-de-telephone":"","organisateur-adresse-email":"","organisateur-site-internet":"","old_rencontre_id":1415},"taxonomy_info":[],"featured_image_src_large":false,"author_info":[],"comment_info":"","_links":{"self":[{"href":"https:\/\/hameaudeletoile.com\/en\/wp-json\/wp\/v2\/rencontres\/26014","targetHints":{"allow":["GET"]}}],"collection":[{"href":"https:\/\/hameaudeletoile.com\/en\/wp-json\/wp\/v2\/rencontres"}],"about":[{"href":"https:\/\/hameaudeletoile.com\/en\/wp-json\/wp\/v2\/types\/rencontres"}],"version-history":[{"count":1,"href":"https:\/\/hameaudeletoile.com\/en\/wp-json\/wp\/v2\/rencontres\/26014\/revisions"}],"predecessor-version":[{"id":31486,"href":"https:\/\/hameaudeletoile.com\/en\/wp-json\/wp\/v2\/rencontres\/26014\/revisions\/31486"}],"acf:post":[{"embeddable":true,"href":"https:\/\/hameaudeletoile.com\/en\/wp-json\/wp\/v2\/organisateurs\/24801"},{"embeddable":true,"href":"https:\/\/hameaudeletoile.com\/en\/wp-json\/wp\/v2\/themes-rencontres\/23667"},{"embeddable":true,"href":"https:\/\/hameaudeletoile.com\/en\/wp-json\/wp\/v2\/themes-rencontres\/23655"},{"embeddable":true,"href":"https:\/\/hameaudeletoile.com\/en\/wp-json\/wp\/v2\/themes-rencontres\/23698"}],"wp:attachment":[{"href":"https:\/\/hameaudeletoile.com\/en\/wp-json\/wp\/v2\/media?parent=26014"}],"wp:term":[{"taxonomy":"rencontres-categories","embeddable":true,"href":"https:\/\/hameaudeletoile.com\/en\/wp-json\/wp\/v2\/rencontres-categories?post=26014"}],"curies":[{"name":"wp","href":"https:\/\/api.w.org\/{rel}","templated":true}]}}