{"id":38493,"date":"2025-11-07T11:39:36","date_gmt":"2025-11-07T10:39:36","guid":{"rendered":"https:\/\/hameaudeletoile.com\/?post_type=animateurs&#038;p=38493"},"modified":"2026-02-05T17:11:57","modified_gmt":"2026-02-05T16:11:57","slug":"michael-boutin","status":"publish","type":"animateurs","link":"https:\/\/hameaudeletoile.com\/en\/animateurs\/michael-boutin\/","title":{"rendered":"Micha\u00ebl BOUTIN"},"featured_media":41015,"template":"","meta":{"_acf_changed":false,"_kad_blocks_custom_css":"","_kad_blocks_head_custom_js":"","_kad_blocks_body_custom_js":"","_kad_blocks_footer_custom_js":"","_kadence_starter_templates_imported_post":false,"_kad_post_transparent":"default","_kad_post_title":"default","_kad_post_layout":"default","_kad_post_sidebar_id":"","_kad_post_content_style":"default","_kad_post_vertical_padding":"default","_kad_post_feature":"","_kad_post_feature_position":"","_kad_post_header":false,"_kad_post_footer":false,"_kad_post_classname":""},"class_list":["post-38493","animateurs","type-animateurs","status-publish","has-post-thumbnail","hentry"],"acf":{"prenom":"Micha\u00ebl","nom":"BOUTIN","image_bio":38495,"biographie":"<h4>Rencontre avec Micha\u00ebl BOUTIN<\/h4>\r\nJe m'\u00e9panouis dans la clarification de nos fonctionnements relationnels. Je puise dans la diversit\u00e9 de mes exp\u00e9riences (informatique, \u00e9ducation sportive et sp\u00e9cialis\u00e9e, vie associative, habitat participatif) pour amener un regard syst\u00e9mique, s\u00e9curisant et pragmatique.\r\n\r\nForm\u00e9 aux <em><strong>Cercles Restauratifs<\/strong> <\/em>en 2015 avec Dominic Barter, il transmet cette pratique depuis 2018 dans divers contextes, avec une posture ancr\u00e9e, bienveillante et pragmatique.\r\n<h4>Son parcours<\/h4>\r\nApr\u00e8s une premi\u00e8re carri\u00e8re en informatique, une remise en question profonde s\u2019amorce \u00e0 la naissance de sa fille. Il quitte le monde bancaire pour s\u2019orienter vers l\u2019\u00e9ducation et les sciences humaines, devenant \u00e9ducateur sp\u00e9cialis\u00e9, puis cofondateur de l\u2019<em>\u00c9cole de la Montagnette<\/em> en 2016, en lien avec le r\u00e9seau <em>EUDEC<\/em> France.\r\n\r\nEngag\u00e9 dans des initiatives citoyennes comme <em>Colibris<\/em> ou le<em> Printemps de l\u2019\u00e9ducation<\/em>, il d\u00e9veloppe des comp\u00e9tences en facilitation, gouvernance partag\u00e9e et transformation des conflits. Aujourd\u2019hui install\u00e9 \u00e0 l\u2019oasis A\u00e9rium, il d\u00e9ploie son activit\u00e9 via <em><strong>Hozho<\/strong><\/em>, accompagnant les groupes vers plus d\u2019autonomie et de clart\u00e9 relationnelle.","old_animateur_id":"","social_options":["Siteweb"],"instagram":"","facebook":"","linkedin":"","twitter":"","youtube":"","siteweb":"http:\/\/www.hozho.pro"},"taxonomy_info":[],"featured_image_src_large":["https:\/\/hameaudeletoile.com\/wp-content\/uploads\/2025\/11\/Michael-BOUTIN-Hameau-de-letoile-1-1024x1024.webp",1024,1024,true],"author_info":[],"comment_info":"","_links":{"self":[{"href":"https:\/\/hameaudeletoile.com\/en\/wp-json\/wp\/v2\/animateurs\/38493","targetHints":{"allow":["GET"]}}],"collection":[{"href":"https:\/\/hameaudeletoile.com\/en\/wp-json\/wp\/v2\/animateurs"}],"about":[{"href":"https:\/\/hameaudeletoile.com\/en\/wp-json\/wp\/v2\/types\/animateurs"}],"version-history":[{"count":6,"href":"https:\/\/hameaudeletoile.com\/en\/wp-json\/wp\/v2\/animateurs\/38493\/revisions"}],"predecessor-version":[{"id":38501,"href":"https:\/\/hameaudeletoile.com\/en\/wp-json\/wp\/v2\/animateurs\/38493\/revisions\/38501"}],"wp:featuredmedia":[{"embeddable":true,"href":"https:\/\/hameaudeletoile.com\/en\/wp-json\/wp\/v2\/media\/41015"}],"wp:attachment":[{"href":"https:\/\/hameaudeletoile.com\/en\/wp-json\/wp\/v2\/media?parent=38493"}],"curies":[{"name":"wp","href":"https:\/\/api.w.org\/{rel}","templated":true}]}}